{"id":286,"date":"2015-02-06T07:39:28","date_gmt":"2015-02-06T07:39:28","guid":{"rendered":"http:\/\/www.rouillier.com\/fiduc1\/?page_id=286"},"modified":"2024-04-10T17:31:46","modified_gmt":"2024-04-10T16:31:46","slug":"notre-equipe","status":"publish","type":"page","link":"https:\/\/www.boudet-audit.com\/boudet\/expert-comptable-commissaire-aux-comptes-94-93-75-paris-vincennes-2\/notre-equipe\/","title":{"rendered":"Notre \u00e9quipe"},"content":{"rendered":"<p><span class=\"azur\">Le dirigeant<\/span><\/p>\n<p style=\"text-align: justify;\"><img loading=\"lazy\" decoding=\"async\" class=\"alignleft wp-image-998\" src=\"https:\/\/www.boudet-audit.com\/boudet\/wp-content\/uploads\/2015\/10\/Olivier_photo-verticale.jpg\" alt=\"Olivier_photo-verticale\" width=\"350\" height=\"435\" srcset=\"https:\/\/www.boudet-audit.com\/boudet\/wp-content\/uploads\/2015\/10\/Olivier_photo-verticale.jpg 402w, https:\/\/www.boudet-audit.com\/boudet\/wp-content\/uploads\/2015\/10\/Olivier_photo-verticale-241x300.jpg 241w\" sizes=\"auto, (max-width: 350px) 100vw, 350px\" \/>Olivier LEDUC intervient dans le monde des <strong>cabinets depuis plus de 25\u00a0 ans<\/strong>.<\/p>\n<p style=\"text-align: justify;\"><strong>Expert-comptable et commissaire aux comptes<\/strong>, il a un double cursus \u00e9cole de commerce et universit\u00e9.<\/p>\n<p style=\"text-align: justify;\">Il m\u00e8ne un d\u00e9but de carri\u00e8re de 5 ans chez KPMG, au d\u00e9partement audit de <strong>grands groupes <\/strong>et<strong> ETI<\/strong>. Puis, il \u00e9volue au sein de cabinets de taille moyenne en charge du commissariat aux comptes et de l\u2019expertise comptable de <strong>PME<\/strong> dans les secteurs industriels et de services.<\/p>\n<p style=\"text-align: justify;\">Il cr\u00e9e FIDUC EXPERTS en 2006 et prend les r\u00eanes de BOUDET &amp; ASSOCIES en 2011.<\/p>\n<p style=\"text-align: justify;\">Au-del\u00e0 de son exp\u00e9rience en cabinet, il est inscrit comme <strong>Expert judiciaire,<\/strong> en <strong>comptabilit\u00e9 et \u00e9valuation d&rsquo;entreprises<\/strong>, pr\u00e8s les Cours administratives d&rsquo;appel de Paris et de Versailles.<\/p>\n<p style=\"text-align: justify;\">Il est \u00e9galement inscrit sur la liste des commissaires aux comptes habilit\u00e9s \u00e0 d\u00e9livrer l\u2019attestation de <strong>conformit\u00e9 de logiciels<\/strong> de comptabilit\u00e9 des offices de <strong>notaire <\/strong>et des offices de <strong>commissaire de justice<\/strong>.<\/p>\n<p style=\"text-align: justify;\">Au sein de l\u2019<strong>Ordre des experts-comptables <\/strong>de Paris, Olivier LEDUC si\u00e8ge \u00e0 la Commission \u00ab\u00a0Devoirs et Int\u00e9r\u00eats Professionnels\u00a0\u00bb puis \u00e0 la Commission \u00ab\u00a0R\u00e9solution des litiges\u00a0\u00bb.<\/p>\n<p style=\"text-align: justify;\">Il est aussi <strong>Contr\u00f4leur qualit\u00e9<\/strong> \u00e0 la <strong>Compagnie R\u00e9gionale des Commissaires aux Comptes <\/strong>de Paris.<\/p>\n<p style=\"text-align: justify;\"><span class=\"azur\">Nos collaborateurs<\/span><\/p>\n<p><img loading=\"lazy\" decoding=\"async\" width=\"500\" height=\"318\" class=\"size-full wp-image-997 alignright\" src=\"https:\/\/www.boudet-audit.com\/boudet\/wp-content\/uploads\/2015\/10\/collabo.jpg\" alt=\"\" srcset=\"https:\/\/www.boudet-audit.com\/boudet\/wp-content\/uploads\/2015\/10\/collabo.jpg 500w, https:\/\/www.boudet-audit.com\/boudet\/wp-content\/uploads\/2015\/10\/collabo-300x191.jpg 300w\" sizes=\"auto, (max-width: 500px) 100vw, 500px\" \/><\/p>\n<p style=\"text-align: justify;\"><strong>35 ans<\/strong>\u00a0: c\u2019est l\u2019\u00e2ge moyen de nos collaborateurs, gage de <strong>dynamisme et d\u2019exp\u00e9rience<\/strong>.<\/p>\n<p style=\"text-align: justify;\"><strong>5 ans\u00a0<\/strong>: c\u2019est leur niveau d\u2019\u00e9tudes moyen en fili\u00e8re comptabilit\u00e9 et audit post-Bac, gage du niveau d\u2019<strong>expertise et de qualit\u00e9<\/strong>.<\/p>\n<p style=\"text-align: justify;\">Et pour conseiller de fa\u00e7on pertinente les clients, ils se tiennent r\u00e9guli\u00e8rement au courant des nouveaut\u00e9s fiscales, sociales et juridiques.<\/p>\n<div class=\"pdfprnt-buttons pdfprnt-buttons-page pdfprnt-bottom-right\"><a href=\"https:\/\/www.boudet-audit.com\/boudet\/wp-json\/wp\/v2\/pages\/286?print=pdf\" class=\"pdfprnt-button pdfprnt-button-pdf\" target=\"_blank\" ><img decoding=\"async\" src=\"http:\/\/www.boudet-audit.com\/boudet\/wp-content\/plugins\/pdf-print\/images\/pdf.png\" alt=\"image_pdf\" title=\"Afficher le PDF\" \/><\/a><a href=\"https:\/\/www.boudet-audit.com\/boudet\/wp-json\/wp\/v2\/pages\/286?print=print\" class=\"pdfprnt-button pdfprnt-button-print\" target=\"_blank\" ><img decoding=\"async\" src=\"http:\/\/www.boudet-audit.com\/boudet\/wp-content\/plugins\/pdf-print\/images\/print.png\" alt=\"image_print\" title=\"Contenu imprim\u00e9\" \/><\/a><\/div>","protected":false},"excerpt":{"rendered":"<p>Le dirigeant Olivier LEDUC intervient dans le monde des cabinets depuis plus de 25\u00a0 ans. Expert-comptable et commissaire aux comptes, il a un double cursus \u00e9cole de commerce et universit\u00e9. Il m\u00e8ne un d\u00e9but de carri\u00e8re de 5 ans chez KPMG, au d\u00e9partement audit de grands groupes et ETI. Puis, il \u00e9volue au sein de&hellip;<\/p>\n","protected":false},"author":1,"featured_media":0,"parent":60,"menu_order":30,"comment_status":"open","ping_status":"closed","template":"","meta":{"footnotes":""},"class_list":["post-286","page","type-page","status-publish","hentry","entry","no-media"],"yoast_head":"<!-- This site is optimized with the Yoast SEO plugin v27.4 - https:\/\/yoast.com\/product\/yoast-seo-wordpress\/ -->\n<title>Notre \u00e9quipe - BOUDET &amp; ASSOCI\u00c9S - FIDUC EXPERTS<\/title>\n<meta name=\"description\" content=\"Le dirigeant Olivier LEDUC \u00e9volue dans le monde des cabinets depuis 18 ans, il est Contr\u00f4leur qualit\u00e9 \u00e0 la Compagnie des Commissaires aux Comptes de Paris.\" \/>\n<meta name=\"robots\" content=\"index, follow, max-snippet:-1, max-image-preview:large, max-video-preview:-1\" \/>\n<link rel=\"canonical\" href=\"https:\/\/www.boudet-audit.com\/boudet\/expert-comptable-commissaire-aux-comptes-94-93-75-paris-vincennes-2\/notre-equipe\/\" \/>\n<meta property=\"og:locale\" content=\"fr_FR\" \/>\n<meta property=\"og:type\" content=\"article\" \/>\n<meta property=\"og:title\" content=\"Notre \u00e9quipe - BOUDET &amp; ASSOCI\u00c9S - FIDUC EXPERTS\" \/>\n<meta property=\"og:description\" content=\"Le dirigeant Olivier LEDUC \u00e9volue dans le monde des cabinets depuis 18 ans, il est Contr\u00f4leur qualit\u00e9 \u00e0 la Compagnie des Commissaires aux Comptes de Paris.\" \/>\n<meta property=\"og:url\" content=\"https:\/\/www.boudet-audit.com\/boudet\/expert-comptable-commissaire-aux-comptes-94-93-75-paris-vincennes-2\/notre-equipe\/\" \/>\n<meta property=\"og:site_name\" content=\"BOUDET &amp; ASSOCI\u00c9S - FIDUC EXPERTS\" \/>\n<meta property=\"article:modified_time\" content=\"2024-04-10T16:31:46+00:00\" \/>\n<meta property=\"og:image\" content=\"http:\/\/www.boudet-audit.com\/boudet\/wp-content\/uploads\/2015\/10\/Olivier_photo-verticale.jpg\" \/>\n<meta name=\"twitter:card\" content=\"summary_large_image\" \/>\n<meta name=\"twitter:label1\" content=\"Dur\u00e9e de lecture estim\u00e9e\" \/>\n\t<meta name=\"twitter:data1\" content=\"2 minutes\" \/>\n<script type=\"application\/ld+json\" class=\"yoast-schema-graph\">{\"@context\":\"https:\\\/\\\/schema.org\",\"@graph\":[{\"@type\":\"WebPage\",\"@id\":\"https:\\\/\\\/www.boudet-audit.com\\\/boudet\\\/expert-comptable-commissaire-aux-comptes-94-93-75-paris-vincennes-2\\\/notre-equipe\\\/\",\"url\":\"https:\\\/\\\/www.boudet-audit.com\\\/boudet\\\/expert-comptable-commissaire-aux-comptes-94-93-75-paris-vincennes-2\\\/notre-equipe\\\/\",\"name\":\"Notre \u00e9quipe - BOUDET &amp; ASSOCI\u00c9S - FIDUC EXPERTS\",\"isPartOf\":{\"@id\":\"https:\\\/\\\/www.boudet-audit.com\\\/boudet\\\/#website\"},\"primaryImageOfPage\":{\"@id\":\"https:\\\/\\\/www.boudet-audit.com\\\/boudet\\\/expert-comptable-commissaire-aux-comptes-94-93-75-paris-vincennes-2\\\/notre-equipe\\\/#primaryimage\"},\"image\":{\"@id\":\"https:\\\/\\\/www.boudet-audit.com\\\/boudet\\\/expert-comptable-commissaire-aux-comptes-94-93-75-paris-vincennes-2\\\/notre-equipe\\\/#primaryimage\"},\"thumbnailUrl\":\"http:\\\/\\\/www.boudet-audit.com\\\/boudet\\\/wp-content\\\/uploads\\\/2015\\\/10\\\/Olivier_photo-verticale.jpg\",\"datePublished\":\"2015-02-06T07:39:28+00:00\",\"dateModified\":\"2024-04-10T16:31:46+00:00\",\"description\":\"Le dirigeant Olivier LEDUC \u00e9volue dans le monde des cabinets depuis 18 ans, il est Contr\u00f4leur qualit\u00e9 \u00e0 la Compagnie des Commissaires aux Comptes de Paris.\",\"breadcrumb\":{\"@id\":\"https:\\\/\\\/www.boudet-audit.com\\\/boudet\\\/expert-comptable-commissaire-aux-comptes-94-93-75-paris-vincennes-2\\\/notre-equipe\\\/#breadcrumb\"},\"inLanguage\":\"fr-FR\",\"potentialAction\":[{\"@type\":\"ReadAction\",\"target\":[\"https:\\\/\\\/www.boudet-audit.com\\\/boudet\\\/expert-comptable-commissaire-aux-comptes-94-93-75-paris-vincennes-2\\\/notre-equipe\\\/\"]}]},{\"@type\":\"ImageObject\",\"inLanguage\":\"fr-FR\",\"@id\":\"https:\\\/\\\/www.boudet-audit.com\\\/boudet\\\/expert-comptable-commissaire-aux-comptes-94-93-75-paris-vincennes-2\\\/notre-equipe\\\/#primaryimage\",\"url\":\"http:\\\/\\\/www.boudet-audit.com\\\/boudet\\\/wp-content\\\/uploads\\\/2015\\\/10\\\/Olivier_photo-verticale.jpg\",\"contentUrl\":\"http:\\\/\\\/www.boudet-audit.com\\\/boudet\\\/wp-content\\\/uploads\\\/2015\\\/10\\\/Olivier_photo-verticale.jpg\"},{\"@type\":\"BreadcrumbList\",\"@id\":\"https:\\\/\\\/www.boudet-audit.com\\\/boudet\\\/expert-comptable-commissaire-aux-comptes-94-93-75-paris-vincennes-2\\\/notre-equipe\\\/#breadcrumb\",\"itemListElement\":[{\"@type\":\"ListItem\",\"position\":1,\"name\":\"Accueil\",\"item\":\"https:\\\/\\\/www.boudet-audit.com\\\/boudet\\\/\"},{\"@type\":\"ListItem\",\"position\":2,\"name\":\"LE CABINET\",\"item\":\"https:\\\/\\\/www.boudet-audit.com\\\/boudet\\\/expert-comptable-commissaire-aux-comptes-94-93-75-paris-vincennes-2\\\/\"},{\"@type\":\"ListItem\",\"position\":3,\"name\":\"Notre \u00e9quipe\"}]},{\"@type\":\"WebSite\",\"@id\":\"https:\\\/\\\/www.boudet-audit.com\\\/boudet\\\/#website\",\"url\":\"https:\\\/\\\/www.boudet-audit.com\\\/boudet\\\/\",\"name\":\"BOUDET &amp; ASSOCI\u00c9S - FIDUC EXPERTS\",\"description\":\"Commissariat aux comptes &amp; Expertise comptable\",\"publisher\":{\"@id\":\"https:\\\/\\\/www.boudet-audit.com\\\/boudet\\\/#organization\"},\"potentialAction\":[{\"@type\":\"SearchAction\",\"target\":{\"@type\":\"EntryPoint\",\"urlTemplate\":\"https:\\\/\\\/www.boudet-audit.com\\\/boudet\\\/?s={search_term_string}\"},\"query-input\":{\"@type\":\"PropertyValueSpecification\",\"valueRequired\":true,\"valueName\":\"search_term_string\"}}],\"inLanguage\":\"fr-FR\"},{\"@type\":\"Organization\",\"@id\":\"https:\\\/\\\/www.boudet-audit.com\\\/boudet\\\/#organization\",\"name\":\"BOUDET & ASSOCIES - FIDUC EXPERTS\",\"url\":\"https:\\\/\\\/www.boudet-audit.com\\\/boudet\\\/\",\"logo\":{\"@type\":\"ImageObject\",\"inLanguage\":\"fr-FR\",\"@id\":\"https:\\\/\\\/www.boudet-audit.com\\\/boudet\\\/#\\\/schema\\\/logo\\\/image\\\/\",\"url\":\"https:\\\/\\\/www.boudet-audit.com\\\/boudet\\\/wp-content\\\/uploads\\\/2021\\\/01\\\/logo1.jpg\",\"contentUrl\":\"https:\\\/\\\/www.boudet-audit.com\\\/boudet\\\/wp-content\\\/uploads\\\/2021\\\/01\\\/logo1.jpg\",\"width\":800,\"height\":100,\"caption\":\"BOUDET & ASSOCIES - FIDUC EXPERTS\"},\"image\":{\"@id\":\"https:\\\/\\\/www.boudet-audit.com\\\/boudet\\\/#\\\/schema\\\/logo\\\/image\\\/\"}}]}<\/script>\n<!-- \/ Yoast SEO plugin. -->","yoast_head_json":{"title":"Notre \u00e9quipe - BOUDET &amp; ASSOCI\u00c9S - FIDUC EXPERTS","description":"Le dirigeant Olivier LEDUC \u00e9volue dans le monde des cabinets depuis 18 ans, il est Contr\u00f4leur qualit\u00e9 \u00e0 la Compagnie des Commissaires aux Comptes de Paris.","robots":{"index":"index","follow":"follow","max-snippet":"max-snippet:-1","max-image-preview":"max-image-preview:large","max-video-preview":"max-video-preview:-1"},"canonical":"https:\/\/www.boudet-audit.com\/boudet\/expert-comptable-commissaire-aux-comptes-94-93-75-paris-vincennes-2\/notre-equipe\/","og_locale":"fr_FR","og_type":"article","og_title":"Notre \u00e9quipe - BOUDET &amp; ASSOCI\u00c9S - FIDUC EXPERTS","og_description":"Le dirigeant Olivier LEDUC \u00e9volue dans le monde des cabinets depuis 18 ans, il est Contr\u00f4leur qualit\u00e9 \u00e0 la Compagnie des Commissaires aux Comptes de Paris.","og_url":"https:\/\/www.boudet-audit.com\/boudet\/expert-comptable-commissaire-aux-comptes-94-93-75-paris-vincennes-2\/notre-equipe\/","og_site_name":"BOUDET &amp; ASSOCI\u00c9S - FIDUC EXPERTS","article_modified_time":"2024-04-10T16:31:46+00:00","og_image":[{"url":"http:\/\/www.boudet-audit.com\/boudet\/wp-content\/uploads\/2015\/10\/Olivier_photo-verticale.jpg","type":"","width":"","height":""}],"twitter_card":"summary_large_image","twitter_misc":{"Dur\u00e9e de lecture estim\u00e9e":"2 minutes"},"schema":{"@context":"https:\/\/schema.org","@graph":[{"@type":"WebPage","@id":"https:\/\/www.boudet-audit.com\/boudet\/expert-comptable-commissaire-aux-comptes-94-93-75-paris-vincennes-2\/notre-equipe\/","url":"https:\/\/www.boudet-audit.com\/boudet\/expert-comptable-commissaire-aux-comptes-94-93-75-paris-vincennes-2\/notre-equipe\/","name":"Notre \u00e9quipe - BOUDET &amp; ASSOCI\u00c9S - FIDUC EXPERTS","isPartOf":{"@id":"https:\/\/www.boudet-audit.com\/boudet\/#website"},"primaryImageOfPage":{"@id":"https:\/\/www.boudet-audit.com\/boudet\/expert-comptable-commissaire-aux-comptes-94-93-75-paris-vincennes-2\/notre-equipe\/#primaryimage"},"image":{"@id":"https:\/\/www.boudet-audit.com\/boudet\/expert-comptable-commissaire-aux-comptes-94-93-75-paris-vincennes-2\/notre-equipe\/#primaryimage"},"thumbnailUrl":"http:\/\/www.boudet-audit.com\/boudet\/wp-content\/uploads\/2015\/10\/Olivier_photo-verticale.jpg","datePublished":"2015-02-06T07:39:28+00:00","dateModified":"2024-04-10T16:31:46+00:00","description":"Le dirigeant Olivier LEDUC \u00e9volue dans le monde des cabinets depuis 18 ans, il est Contr\u00f4leur qualit\u00e9 \u00e0 la Compagnie des Commissaires aux Comptes de Paris.","breadcrumb":{"@id":"https:\/\/www.boudet-audit.com\/boudet\/expert-comptable-commissaire-aux-comptes-94-93-75-paris-vincennes-2\/notre-equipe\/#breadcrumb"},"inLanguage":"fr-FR","potentialAction":[{"@type":"ReadAction","target":["https:\/\/www.boudet-audit.com\/boudet\/expert-comptable-commissaire-aux-comptes-94-93-75-paris-vincennes-2\/notre-equipe\/"]}]},{"@type":"ImageObject","inLanguage":"fr-FR","@id":"https:\/\/www.boudet-audit.com\/boudet\/expert-comptable-commissaire-aux-comptes-94-93-75-paris-vincennes-2\/notre-equipe\/#primaryimage","url":"http:\/\/www.boudet-audit.com\/boudet\/wp-content\/uploads\/2015\/10\/Olivier_photo-verticale.jpg","contentUrl":"http:\/\/www.boudet-audit.com\/boudet\/wp-content\/uploads\/2015\/10\/Olivier_photo-verticale.jpg"},{"@type":"BreadcrumbList","@id":"https:\/\/www.boudet-audit.com\/boudet\/expert-comptable-commissaire-aux-comptes-94-93-75-paris-vincennes-2\/notre-equipe\/#breadcrumb","itemListElement":[{"@type":"ListItem","position":1,"name":"Accueil","item":"https:\/\/www.boudet-audit.com\/boudet\/"},{"@type":"ListItem","position":2,"name":"LE CABINET","item":"https:\/\/www.boudet-audit.com\/boudet\/expert-comptable-commissaire-aux-comptes-94-93-75-paris-vincennes-2\/"},{"@type":"ListItem","position":3,"name":"Notre \u00e9quipe"}]},{"@type":"WebSite","@id":"https:\/\/www.boudet-audit.com\/boudet\/#website","url":"https:\/\/www.boudet-audit.com\/boudet\/","name":"BOUDET &amp; ASSOCI\u00c9S - FIDUC EXPERTS","description":"Commissariat aux comptes &amp; Expertise comptable","publisher":{"@id":"https:\/\/www.boudet-audit.com\/boudet\/#organization"},"potentialAction":[{"@type":"SearchAction","target":{"@type":"EntryPoint","urlTemplate":"https:\/\/www.boudet-audit.com\/boudet\/?s={search_term_string}"},"query-input":{"@type":"PropertyValueSpecification","valueRequired":true,"valueName":"search_term_string"}}],"inLanguage":"fr-FR"},{"@type":"Organization","@id":"https:\/\/www.boudet-audit.com\/boudet\/#organization","name":"BOUDET & ASSOCIES - FIDUC EXPERTS","url":"https:\/\/www.boudet-audit.com\/boudet\/","logo":{"@type":"ImageObject","inLanguage":"fr-FR","@id":"https:\/\/www.boudet-audit.com\/boudet\/#\/schema\/logo\/image\/","url":"https:\/\/www.boudet-audit.com\/boudet\/wp-content\/uploads\/2021\/01\/logo1.jpg","contentUrl":"https:\/\/www.boudet-audit.com\/boudet\/wp-content\/uploads\/2021\/01\/logo1.jpg","width":800,"height":100,"caption":"BOUDET & ASSOCIES - FIDUC EXPERTS"},"image":{"@id":"https:\/\/www.boudet-audit.com\/boudet\/#\/schema\/logo\/image\/"}}]}},"_links":{"self":[{"href":"https:\/\/www.boudet-audit.com\/boudet\/wp-json\/wp\/v2\/pages\/286","targetHints":{"allow":["GET"]}}],"collection":[{"href":"https:\/\/www.boudet-audit.com\/boudet\/wp-json\/wp\/v2\/pages"}],"about":[{"href":"https:\/\/www.boudet-audit.com\/boudet\/wp-json\/wp\/v2\/types\/page"}],"author":[{"embeddable":true,"href":"https:\/\/www.boudet-audit.com\/boudet\/wp-json\/wp\/v2\/users\/1"}],"replies":[{"embeddable":true,"href":"https:\/\/www.boudet-audit.com\/boudet\/wp-json\/wp\/v2\/comments?post=286"}],"version-history":[{"count":45,"href":"https:\/\/www.boudet-audit.com\/boudet\/wp-json\/wp\/v2\/pages\/286\/revisions"}],"predecessor-version":[{"id":4603,"href":"https:\/\/www.boudet-audit.com\/boudet\/wp-json\/wp\/v2\/pages\/286\/revisions\/4603"}],"up":[{"embeddable":true,"href":"https:\/\/www.boudet-audit.com\/boudet\/wp-json\/wp\/v2\/pages\/60"}],"wp:attachment":[{"href":"https:\/\/www.boudet-audit.com\/boudet\/wp-json\/wp\/v2\/media?parent=286"}],"curies":[{"name":"wp","href":"https:\/\/api.w.org\/{rel}","templated":true}]}}